{"id":1582,"date":"2013-07-22T10:30:38","date_gmt":"2013-07-22T08:30:38","guid":{"rendered":"https:\/\/home.graf-rasso-gymnasium.de\/home\/?page_id=1582"},"modified":"2026-01-17T15:08:41","modified_gmt":"2026-01-17T14:08:41","slug":"mathematik","status":"publish","type":"page","link":"https:\/\/home.graf-rasso-gymnasium.de\/home\/faecher\/mathematik\/","title":{"rendered":"Mathematik"},"content":{"rendered":"\n<figure class=\"wp-block-image aligncenter size-full is-resized\"><a href=\"https:\/\/home.graf-rasso-gymnasium.de\/home\/files\/2013\/07\/2024-25\/2025_HP_Mathe_Foto.jpeg\" target=\"_blank\" rel=\"noreferrer noopener\"><img loading=\"lazy\" decoding=\"async\" width=\"1834\" height=\"1432\" src=\"https:\/\/home.graf-rasso-gymnasium.de\/home\/files\/2013\/07\/2024-25\/2025_HP_Mathe_Foto.jpeg\" alt=\"\" class=\"wp-image-18535\" style=\"aspect-ratio:1.2807303553961527;width:662px;height:auto\" srcset=\"https:\/\/home.graf-rasso-gymnasium.de\/home\/files\/2013\/07\/2024-25\/2025_HP_Mathe_Foto.jpeg 1834w, https:\/\/home.graf-rasso-gymnasium.de\/home\/files\/2013\/07\/2024-25\/2025_HP_Mathe_Foto-300x234.jpeg 300w, https:\/\/home.graf-rasso-gymnasium.de\/home\/files\/2013\/07\/2024-25\/2025_HP_Mathe_Foto-1024x800.jpeg 1024w, https:\/\/home.graf-rasso-gymnasium.de\/home\/files\/2013\/07\/2024-25\/2025_HP_Mathe_Foto-768x600.jpeg 768w, https:\/\/home.graf-rasso-gymnasium.de\/home\/files\/2013\/07\/2024-25\/2025_HP_Mathe_Foto-1536x1199.jpeg 1536w\" sizes=\"auto, (max-width: 1834px) 100vw, 1834px\" \/><\/a><\/figure>\n\n\n\n<p>Mathematik: Die Sprache des Universums<\/p>\n\n\n\n<p>Habt ihr schon einmal dar\u00fcber nachgedacht, ob Mathematik <strong>erfunden<\/strong> wurde, um die Welt besser zu verstehen, oder ob unsere Welt in ihren Grundz\u00fcgen seit jeher auf Mathematik basiert und diese nur darin <strong>entdeckt<\/strong> wurde?<\/p>\n\n\n\n<p>\u201eMathematik ist die K\u00f6nigin der Wissenschaften\u201c, sagte schon Carl Friedrich Gauss, und er hat Recht, denn Mathematik ist nicht nur ein Schulfach, sondern das&nbsp;Fundament f\u00fcr viele Naturwissenschaften und ein wesentlicher Bestandteil unseres Alltags. Ob beim Planen eines Urlaubsbudgets oder beim Kochen, mathematische Konzepte helfen uns, Entscheidungen zu treffen und Probleme zu l\u00f6sen.<\/p>\n\n\n\n<p>Die Fachschaft Mathematik am GRG f\u00f6rdert das Interesse an diesem faszinierenden Fach durch die Teilnahme&nbsp;am&nbsp;Bolyai-Wettbewerb, am K\u00e4nguruwettbewerb sowie am Landes- und Bundeswettbewerb Mathematik. Zudem bieten wir spezielle F\u00f6rderkurse und Intensivierungen an und erm\u00f6glichen den Zugang zur Plattform MatheGym, die zahlreiche Aufgaben f\u00fcr alle Jahrgangsstufen bereitstellt \u2013 freundlicherweise gesponsert vom F\u00f6rderverein.<\/p>\n","protected":false},"excerpt":{"rendered":"<p>Mathematik: Die Sprache des Universums Habt ihr schon einmal dar\u00fcber nachgedacht, ob Mathematik erfunden wurde, um die Welt besser zu verstehen, oder ob unsere Welt in ihren Grundz\u00fcgen seit jeher auf Mathematik basiert und diese nur darin entdeckt wurde? \u201eMathematik ist die K\u00f6nigin der Wissenschaften\u201c, sagte schon Carl Friedrich Gauss, und er hat Recht, denn [&hellip;]<\/p>\n","protected":false},"author":18,"featured_media":0,"parent":1491,"menu_order":0,"comment_status":"closed","ping_status":"closed","template":"","meta":{"footnotes":""},"class_list":["post-1582","page","type-page","status-publish","hentry"],"_links":{"self":[{"href":"https:\/\/home.graf-rasso-gymnasium.de\/home\/wp-json\/wp\/v2\/pages\/1582","targetHints":{"allow":["GET"]}}],"collection":[{"href":"https:\/\/home.graf-rasso-gymnasium.de\/home\/wp-json\/wp\/v2\/pages"}],"about":[{"href":"https:\/\/home.graf-rasso-gymnasium.de\/home\/wp-json\/wp\/v2\/types\/page"}],"author":[{"embeddable":true,"href":"https:\/\/home.graf-rasso-gymnasium.de\/home\/wp-json\/wp\/v2\/users\/18"}],"replies":[{"embeddable":true,"href":"https:\/\/home.graf-rasso-gymnasium.de\/home\/wp-json\/wp\/v2\/comments?post=1582"}],"version-history":[{"count":20,"href":"https:\/\/home.graf-rasso-gymnasium.de\/home\/wp-json\/wp\/v2\/pages\/1582\/revisions"}],"predecessor-version":[{"id":18536,"href":"https:\/\/home.graf-rasso-gymnasium.de\/home\/wp-json\/wp\/v2\/pages\/1582\/revisions\/18536"}],"up":[{"embeddable":true,"href":"https:\/\/home.graf-rasso-gymnasium.de\/home\/wp-json\/wp\/v2\/pages\/1491"}],"wp:attachment":[{"href":"https:\/\/home.graf-rasso-gymnasium.de\/home\/wp-json\/wp\/v2\/media?parent=1582"}],"curies":[{"name":"wp","href":"https:\/\/api.w.org\/{rel}","templated":true}]}}