{"id":17402,"date":"2024-09-20T11:57:30","date_gmt":"2024-09-20T09:57:30","guid":{"rendered":"https:\/\/home.graf-rasso-gymnasium.de\/home\/?page_id=17402"},"modified":"2026-02-25T11:02:36","modified_gmt":"2026-02-25T10:02:36","slug":"digitale-schule-der-zukunft-dsdz","status":"publish","type":"page","link":"https:\/\/home.graf-rasso-gymnasium.de\/home\/digitale-schule-der-zukunft-dsdz\/","title":{"rendered":"Digitale Schule der Zukunft"},"content":{"rendered":"\n<figure class=\"wp-block-image aligncenter size-large\"><img loading=\"lazy\" decoding=\"async\" width=\"1024\" height=\"585\" src=\"https:\/\/home.graf-rasso-gymnasium.de\/home\/files\/2024\/09\/2024-25\/Foto_DSdZ_Gemini-2.5-Flash-Image-Nano-Banana-1024x585.png\" alt=\"\" class=\"wp-image-18721\" srcset=\"https:\/\/home.graf-rasso-gymnasium.de\/home\/files\/2024\/09\/2024-25\/Foto_DSdZ_Gemini-2.5-Flash-Image-Nano-Banana-1024x585.png 1024w, https:\/\/home.graf-rasso-gymnasium.de\/home\/files\/2024\/09\/2024-25\/Foto_DSdZ_Gemini-2.5-Flash-Image-Nano-Banana-300x171.png 300w, https:\/\/home.graf-rasso-gymnasium.de\/home\/files\/2024\/09\/2024-25\/Foto_DSdZ_Gemini-2.5-Flash-Image-Nano-Banana-768x439.png 768w, https:\/\/home.graf-rasso-gymnasium.de\/home\/files\/2024\/09\/2024-25\/Foto_DSdZ_Gemini-2.5-Flash-Image-Nano-Banana.png 1344w\" sizes=\"auto, (max-width: 1024px) 100vw, 1024px\" \/><figcaption class=\"wp-element-caption\"><em>Klassenzimmer, Foto generiert mit Gemini 2.5 Flash Image (Nano Banana)<\/em><\/figcaption><\/figure>\n\n\n\n<p>Das Graf-Rasso-Gymnasium ist \u201eDigitale Schule der Zukunft\u201c. Wir verfolgen das Ziel, auf Grundlage eines gemeinsamen Qualit\u00e4tsverst\u00e4ndnisses von gutem Unterricht, die Sch\u00fclerinnen und Sch\u00fcler auf die (digitale) Arbeits- und Lebenswelt vorzubereiten. Es geht keinesfalls darum, den Unterricht komplett zu digitali\u00adsieren.&nbsp; Eine durchdachte, gewinnbringende Kombination \u201eanaloger und digitaler Bausteine\u201c erscheint sinnvoll, p\u00e4dagogische \u00dcberlegungen stehen im Mittelpunkt.<\/p>\n\n\n\n<p>Dies bedeutet konkret, dass unsere Sch\u00fclerinnen und Sch\u00fcler ab der 9. Jahrgangsstufe mit einheitlichen Ger\u00e4ten (momentan iPads) arbeiten. In den j\u00fcngeren Jahrgangsstufen verzichten wir bewusst auf eine 1:1- Ausstattung; hier kommen in einzelnen Phasen und Stunden schuleigene Ger\u00e4te zielgerichtet zum Einsatz. Die DSdZ ist eingebettet in ein p\u00e4dagogisches Rahmenkonzept mit einem klaren Regelwerk. Zudem werden die Sch\u00fcler entsprechend eingearbeitet und p\u00e4dagogisch begleitet. Gleiches gilt f\u00fcr den Umgang mit K\u00fcnstlicher Intelligenz.<\/p>\n","protected":false},"excerpt":{"rendered":"<p>Das Graf-Rasso-Gymnasium ist \u201eDigitale Schule der Zukunft\u201c. Wir verfolgen das Ziel, auf Grundlage eines gemeinsamen Qualit\u00e4tsverst\u00e4ndnisses von gutem Unterricht, die Sch\u00fclerinnen und Sch\u00fcler auf die (digitale) Arbeits- und Lebenswelt vorzubereiten. Es geht keinesfalls darum, den Unterricht komplett zu digitali\u00adsieren.&nbsp; Eine durchdachte, gewinnbringende Kombination \u201eanaloger und digitaler Bausteine\u201c erscheint sinnvoll, p\u00e4dagogische \u00dcberlegungen stehen im Mittelpunkt. Dies [&hellip;]<\/p>\n","protected":false},"author":18,"featured_media":0,"parent":0,"menu_order":0,"comment_status":"closed","ping_status":"closed","template":"","meta":{"footnotes":""},"class_list":["post-17402","page","type-page","status-publish","hentry"],"_links":{"self":[{"href":"https:\/\/home.graf-rasso-gymnasium.de\/home\/wp-json\/wp\/v2\/pages\/17402","targetHints":{"allow":["GET"]}}],"collection":[{"href":"https:\/\/home.graf-rasso-gymnasium.de\/home\/wp-json\/wp\/v2\/pages"}],"about":[{"href":"https:\/\/home.graf-rasso-gymnasium.de\/home\/wp-json\/wp\/v2\/types\/page"}],"author":[{"embeddable":true,"href":"https:\/\/home.graf-rasso-gymnasium.de\/home\/wp-json\/wp\/v2\/users\/18"}],"replies":[{"embeddable":true,"href":"https:\/\/home.graf-rasso-gymnasium.de\/home\/wp-json\/wp\/v2\/comments?post=17402"}],"version-history":[{"count":6,"href":"https:\/\/home.graf-rasso-gymnasium.de\/home\/wp-json\/wp\/v2\/pages\/17402\/revisions"}],"predecessor-version":[{"id":18722,"href":"https:\/\/home.graf-rasso-gymnasium.de\/home\/wp-json\/wp\/v2\/pages\/17402\/revisions\/18722"}],"wp:attachment":[{"href":"https:\/\/home.graf-rasso-gymnasium.de\/home\/wp-json\/wp\/v2\/media?parent=17402"}],"curies":[{"name":"wp","href":"https:\/\/api.w.org\/{rel}","templated":true}]}}